{"id":227,"date":"2022-12-05T00:23:34","date_gmt":"2022-12-04T23:23:34","guid":{"rendered":"https:\/\/www.mimerskolan.se\/?page_id=227"},"modified":"2025-03-27T13:53:54","modified_gmt":"2025-03-27T12:53:54","slug":"mimerklubben-fritids","status":"publish","type":"page","link":"https:\/\/www.mimerskolan.se\/?page_id=227","title":{"rendered":"Mimerklubben &#8211; fritids"},"content":{"rendered":"\n<p>V\u00e5rt popul\u00e4ra fritidshem kallas Mimerklubben och h\u00e4r \u00e4r alla barn som g\u00e5r i \u00e5rskurs 4-6 v\u00e4lkomna! Vi serverar en h\u00e4rlig frukost och mellanm\u00e5l och erbjuder aktiviteter anpassade efter barnens \u00e5lder och intressen. M\u00e5nga v\u00e4ljer att vara en stund p\u00e5 fritids, \u00e4ta mellanm\u00e5l, leka, pyssla eller g\u00f6ra l\u00e4xor med st\u00f6d av v\u00e5ra fritidspedagoger som k\u00e4nner barnen v\u00e4l och vet vad som p\u00e5g\u00e5r i undervisningen.<\/p>\n\n\n\n<figure class=\"wp-block-image size-large\"><img loading=\"lazy\" decoding=\"async\" width=\"1024\" height=\"683\" src=\"https:\/\/www.mimerskolan.se\/wp-content\/uploads\/2022\/11\/MG_9109-1024x683.jpg\" alt=\"\" class=\"wp-image-139\" srcset=\"https:\/\/www.mimerskolan.se\/wp-content\/uploads\/2022\/11\/MG_9109-1024x683.jpg 1024w, https:\/\/www.mimerskolan.se\/wp-content\/uploads\/2022\/11\/MG_9109-300x200.jpg 300w, https:\/\/www.mimerskolan.se\/wp-content\/uploads\/2022\/11\/MG_9109-768x512.jpg 768w, https:\/\/www.mimerskolan.se\/wp-content\/uploads\/2022\/11\/MG_9109-1200x800.jpg 1200w, https:\/\/www.mimerskolan.se\/wp-content\/uploads\/2022\/11\/MG_9109.jpg 1417w\" sizes=\"auto, (max-width: 1024px) 100vw, 1024px\" \/><\/figure>\n\n\n\n<p><strong>Mimerskolans taxa f\u00f6r fritidshem<\/strong><\/p>\n\n\n\n<p><strong>G\u00e4ller fr\u00e5n och med 1 augusti 2025<\/strong><\/p>\n\n\n\n<p><strong>Till\u00e4mpningsomr\u00e5de&nbsp;<\/strong><\/p>\n\n\n\n<p>Taxan g\u00e4ller barn med plats i fritidshemmet Mimerklubben.&nbsp;<\/p>\n\n\n\n<p><strong>Avgiftspliktiga personer&nbsp;<\/strong><\/p>\n\n\n\n<p>Platsinnehavaren \u00e4r avgiftspliktig. Avgiften ber\u00e4knas p\u00e5 de gemensamma inkomsterna i platsinnehavarens hush\u00e5ll.&nbsp;<\/p>\n\n\n\n<p><strong>Platsinnehavare&nbsp;<\/strong><\/p>\n\n\n\n<p>Platsinnehavaren \u00e4r den\/de v\u00e5rdnadshavare som ans\u00f6kt om och tackat ja till plats. Om barnet bor v\u00e4xelvis hos v\u00e5rdnadshavarna och b\u00e5da har omsorgsbehov f\u00f6r barnet, \u00e4r de platsinnehavare f\u00f6r var sin plats. Den sammanlagda avgiften f\u00e5r inte \u00f6verstiga maxtaxan. N\u00e4r barn \u00e4r placerade i familjehem, j\u00e4mlikt socialtj\u00e4nstlagen, \u00e4r familjehemsf\u00f6r\u00e4ldrarna platsinnehavare.&nbsp;<\/p>\n\n\n\n<p><strong>Hush\u00e5ll&nbsp;<\/strong><\/p>\n\n\n\n<p>Som hush\u00e5ll r\u00e4knas: \u2022 Ensamboende \u2022 Makar\/registrerat partnerskap \u2022 Sammanboende med gemensamma eller inte gemensamma barn&nbsp;<\/p>\n\n\n\n<p><strong>F\u00f6r\u00e4ndring av hush\u00e5llet&nbsp;<\/strong><\/p>\n\n\n\n<p>Om hush\u00e5llet f\u00f6r\u00e4ndras p\u00e5 grund av giftem\u00e5l, sammanboende eller separation kan det p\u00e5verka avgiften. Platsinnehavare m\u00e5ste d\u00e4rf\u00f6r meddela s\u00e5dan f\u00f6r\u00e4ndring till skolans administrat\u00f6r.&nbsp;<\/p>\n\n\n\n<p><strong>Avgiftsgrundande inkomst&nbsp;<\/strong><\/p>\n\n\n\n<p>Med avgiftsgrundande inkomst avses l\u00f6n f\u00f6re skatt och andra skattepliktiga inkomster i inkomstslaget tj\u00e4nst samt \u00f6verskott i inkomstslaget n\u00e4ringsverksamhet enligt inkomstskattelagen Avgift f\u00f6r plats debiteras enligt maxtaxa. Om hush\u00e5llets gemensamma bruttoinkomst \u00e4r l\u00e4gre \u00e4n inkomsttaket i maxtaxan ans\u00f6ker hush\u00e5llet om reducerad avgift. Detta genom att l\u00e4mna inkomstuppgift till skolans administrat\u00f6r.<\/p>\n\n\n\n<p><strong>Inkomstkontroll&nbsp;<\/strong><\/p>\n\n\n\n<p>Skolan har r\u00e4tt att kontrollera inl\u00e4mnad inkomstuppgift hos Skattemyndigheten.&nbsp;<\/p>\n\n\n\n<p><strong>Efterdebitering och \u00e5terbetalning<\/strong><\/p>\n\n\n\n<p>Avgift som \u00e4r felaktig f\u00f6r att skolan saknar korrekt underlag f\u00f6r ber\u00e4kning (hush\u00e5llets sammans\u00e4ttning, inkomst och barnets vistelsetid), r\u00e4ttas retroaktivt i enlighet med sedvanlig preskriptionstid.&nbsp;<\/p>\n\n\n\n<p><strong>Betalning av avgift&nbsp;<\/strong><\/p>\n\n\n\n<ul class=\"wp-block-list\">\n<li>Avgift utg\u00e5r 10 m\u00e5nader per \u00e5r fr\u00e5n och med f\u00f6rsta dagen barnet \u00e4r inskriven i verksamheten.&nbsp; F\u00f6r del av m\u00e5nad sker debitering 1\/30-del av m\u00e5nadsavgiften per dag.&nbsp;<\/li>\n\n\n\n<li>Avgiften betalas innevarande m\u00e5nad och ska vara kommunen tillhanda senaste den 30:e.&nbsp;<\/li>\n\n\n\n<li>Avvikelser justeras p\u00e5 faktura f\u00f6r n\u00e4stkommande m\u00e5nad.&nbsp;<\/li>\n<\/ul>\n\n\n\n<p><strong>Maxtaxa&nbsp;<\/strong><\/p>\n\n\n\n<p>Mimerskolan till\u00e4mpar maxtaxa<\/p>\n\n\n\n<p>Inkomsttaket i maxtaxan \u00e4r f\u00f6r n\u00e4rvarande 59 440 kr per m\u00e5nad (januari 2025). H\u00f6gst avgift betalas f\u00f6r det yngsta placerade barnet i hush\u00e5llet. Fr\u00e5n och med det fj\u00e4rde placerade barnet i hush\u00e5llet betalas ingen avgift.<\/p>\n\n\n\n<p><strong>Avgift f\u00f6r f\u00f6rskola, fritidshem och pedagogisk omsorg<\/strong><\/p>\n\n\n\n<p>Fritidshemsbarn 10-13 \u00e5r<\/p>\n\n\n\n<p>F\u00f6r\u00e4ndring av omfattning ska ske med minst en veckas framf\u00f6rh\u00e5llning.<\/p>\n\n\n\n<p>Vistelse p\u00e5 fritidshemmet erbjuds f\u00f6re och efter skoltid:&nbsp;<\/p>\n\n\n\n<ul class=\"wp-block-list\">\n<li>Heltid avser f\u00f6re och efter skoltid<\/li>\n\n\n\n<li>Deltid avser f\u00f6re eller efter skoltid<\/li>\n<\/ul>\n\n\n\n<figure class=\"wp-block-table\"><table><tbody><tr><td><\/td><td>Barn 1<\/td><td>Barn 2<\/td><td>Barn 3&nbsp;<\/td><\/tr><tr><td>Heltid<\/td><td>950<\/td><td>490<\/td><td>250<\/td><\/tr><tr><td>Deltid<\/td><td>700<\/td><td>360<\/td><td>180<\/td><\/tr><\/tbody><\/table><\/figure>\n\n\n\n<p>Avgiftsniv\u00e5erna g\u00e4ller endast barn p\u00e5 Mimerskolan och ingen neds\u00e4ttning av avgift g\u00f6rs f\u00f6r barn i andra verksamheter. Det inneb\u00e4r att om v\u00e5rdnadshavare har yngre barn p\u00e5 andra f\u00f6rskola\/fritidshem \u00e4n Mimerskolans betalas full avgift f\u00f6r barn 1 som g\u00e5r p\u00e5 Mimerskolans fritidshem.<\/p>\n\n\n\n<p><strong>Upps\u00e4gning av fritidsplats<\/strong><\/p>\n\n\n\n<p>Upps\u00e4gningstiden \u00e4r en m\u00e5nad och r\u00e4knas fr\u00e5n den dag d\u00e5 din upps\u00e4gning kommer in till skolan. Du betalar avgift under upps\u00e4gningstiden. <\/p>\n\n\n\n<p><strong>Upps\u00e4gning av plats p\u00e5 grund av utebliven betalning&nbsp;<\/strong><\/p>\n\n\n\n<p>Mimerskolan kan s\u00e4ga upp barns plats i fritidshemmet om platsinnehavare inte betalar avgiften.  N\u00e4r skulden \u00e4r helt reglerad kan platsinnehavaren ans\u00f6ka om plats p\u00e5 nytt.<\/p>\n\n\n\n<p><strong>Fritidshemmet erbjuder samtal om trivsel, l\u00e4rande och utveckling&nbsp;<\/strong><\/p>\n\n\n\n<p>Personalen p\u00e5 Mimerklubben erbjuder eleven och elevens v\u00e5rdnadshavare&nbsp;samtal&nbsp;om elevens trivsel, l\u00e4rande och utveckling i fritidshemmet. Ta kontakt via mimerklubben@mimerskolan.seom ni \u00f6nskar samtal<\/p>\n","protected":false},"excerpt":{"rendered":"<p>V\u00e5rt popul\u00e4ra fritidshem kallas Mimerklubben och h\u00e4r \u00e4r alla barn som g\u00e5r i \u00e5rskurs 4-6 v\u00e4lkomna! Vi serverar en h\u00e4rlig frukost och mellanm\u00e5l och erbjuder aktiviteter anpassade efter barnens \u00e5lder och intressen. M\u00e5nga v\u00e4ljer att vara en stund p\u00e5 fritids, \u00e4ta mellanm\u00e5l, leka, pyssla eller g\u00f6ra l\u00e4xor med st\u00f6d av v\u00e5ra fritidspedagoger som k\u00e4nner barnen [&hellip;]<\/p>\n","protected":false},"author":1,"featured_media":0,"parent":0,"menu_order":0,"comment_status":"closed","ping_status":"closed","template":"","meta":{"footnotes":""},"class_list":["post-227","page","type-page","status-publish","hentry"],"_links":{"self":[{"href":"https:\/\/www.mimerskolan.se\/index.php?rest_route=\/wp\/v2\/pages\/227","targetHints":{"allow":["GET"]}}],"collection":[{"href":"https:\/\/www.mimerskolan.se\/index.php?rest_route=\/wp\/v2\/pages"}],"about":[{"href":"https:\/\/www.mimerskolan.se\/index.php?rest_route=\/wp\/v2\/types\/page"}],"author":[{"embeddable":true,"href":"https:\/\/www.mimerskolan.se\/index.php?rest_route=\/wp\/v2\/users\/1"}],"replies":[{"embeddable":true,"href":"https:\/\/www.mimerskolan.se\/index.php?rest_route=%2Fwp%2Fv2%2Fcomments&post=227"}],"version-history":[{"count":5,"href":"https:\/\/www.mimerskolan.se\/index.php?rest_route=\/wp\/v2\/pages\/227\/revisions"}],"predecessor-version":[{"id":339,"href":"https:\/\/www.mimerskolan.se\/index.php?rest_route=\/wp\/v2\/pages\/227\/revisions\/339"}],"wp:attachment":[{"href":"https:\/\/www.mimerskolan.se\/index.php?rest_route=%2Fwp%2Fv2%2Fmedia&parent=227"}],"curies":[{"name":"wp","href":"https:\/\/api.w.org\/{rel}","templated":true}]}}