{"id":14,"date":"2022-11-17T17:06:55","date_gmt":"2022-11-17T16:06:55","guid":{"rendered":"https:\/\/www.mimerskolan.se\/?page_id=14"},"modified":"2026-03-24T13:44:21","modified_gmt":"2026-03-24T12:44:21","slug":"nyheter","status":"publish","type":"page","link":"https:\/\/www.mimerskolan.se\/?page_id=14","title":{"rendered":"Nyheter"},"content":{"rendered":"\n<p><\/p>\n\n\n\n<div class=\"wp-block-group\"><div class=\"wp-block-group__inner-container is-layout-constrained wp-block-group-is-layout-constrained\">\n<p><strong><mark style=\"background-color:rgba(0, 0, 0, 0)\" class=\"has-inline-color has-black-color\">Hej fyror 2026<\/mark><\/strong><\/p>\n\n\n\n<p>Datum: Torsdag 7 maj 2026<\/p>\n\n\n\n<p>Tid: 12:30 &#8211; 14:30<\/p>\n\n\n\n<p>Samling p\u00e5 skolg\u00e5rden vid Lill Mimer d\u00e4r det sker upprop.<\/p>\n\n\n\n<p>Samtliga blivande elever skall f\u00e5 eller har f\u00e5tt ett brev till bostadsadressen<\/p>\n\n\n\n<p>L\u00e4nk d\u00e4r den nya fyran skall presentera sig sj\u00e4lv      <a href=\"https:\/\/forms.gle\/pd8gWBMCVrUUMQkN6\" target=\"_blank\" rel=\"noreferrer noopener\">https:\/\/forms.gle\/pd8gWBMCVrUUMQkN6<\/a><\/p>\n\n\n\n<p>L\u00e4nk till ans\u00f6kan fritidshem f\u00f6r nya fyror   <a href=\"https:\/\/forms.gle\/6cQHEEv8HXfdYxuC9\">https:\/\/forms.gle\/6cQHEEv8HXfdYxuC9<\/a><\/p>\n\n\n\n<p>\u00d6nskem\u00e5l om klass \u00e5rskur 4 ht &#8211; 26           <a href=\"https:\/\/forms.gle\/k3Nyvrxi7Gn2Wd69A\">https:\/\/forms.gle\/k3Nyvrxi7Gn2Wd69A<\/a><\/p>\n<\/div><\/div>\n\n\n\n<div class=\"wp-block-group\"><div class=\"wp-block-group__inner-container is-layout-constrained wp-block-group-is-layout-constrained\">\n<h2 class=\"wp-block-heading\">L\u00e4s\u00e5rstider 2025\/2026<\/h2>\n\n\n\n<p>H\u00f6sttermin<\/p>\n\n\n\n<p>Torsdag 21 augusti \u2013 fredag 19 december<\/p>\n\n\n\n<p><\/p>\n\n\n\n<p>V\u00e5rtermin<\/p>\n\n\n\n<p>Torsdag 8 januari \u2013 torsdag 11 juni<\/p>\n\n\n\n<p><\/p>\n\n\n\n<p>Lov<\/p>\n\n\n\n<p><\/p>\n\n\n\n<p>H\u00f6stlov<\/p>\n\n\n\n<p>M\u00e5ndag 27 oktober \u2013 fredag 31 oktoeber<\/p>\n\n\n\n<p><\/p>\n\n\n\n<p>Sportlov<\/p>\n\n\n\n<p>M\u00e5ndag 2 mars \u2013 fredag 6 mars<\/p>\n\n\n\n<p><\/p>\n\n\n\n<p>P\u00e5sklov<\/p>\n\n\n\n<p>Tisdag 7 april \u2013 fredag 10 april<\/p>\n\n\n\n<p><\/p>\n\n\n\n<p>Lovdag<\/p>\n\n\n\n<p>torsdag 15 maj<\/p>\n<\/div><\/div>\n\n\n\n<div class=\"wp-block-group\"><div class=\"wp-block-group__inner-container is-layout-constrained wp-block-group-is-layout-constrained\">\n<div class=\"wp-block-group\"><div class=\"wp-block-group__inner-container is-layout-constrained wp-block-group-is-layout-constrained\">\n<div class=\"wp-block-group\"><div class=\"wp-block-group__inner-container is-layout-constrained wp-block-group-is-layout-constrained\"><\/div><\/div>\n<\/div><\/div>\n\n\n\n<p><\/p>\n<\/div><\/div>\n\n\n\n<h2 class=\"wp-block-heading\">L\u00e4s\u00e5rstider 2026\/2027<\/h2>\n\n\n\n<p><strong>H\u00f6sttermin<\/strong><\/p>\n\n\n\n<p>onsdag 19augusti &#8211; tisdag 22 december<\/p>\n\n\n\n<p><\/p>\n\n\n\n<p><strong>V\u00e5rtermin<\/strong><\/p>\n\n\n\n<p>tisdag 12 januari &#8211; onsdag 9 juni<\/p>\n\n\n\n<p><\/p>\n\n\n\n<p><strong>H\u00f6stlov<\/strong><\/p>\n\n\n\n<p>m\u00e5ndag 26 oktober \u2013 fredag 30 oktober<\/p>\n\n\n\n<p><strong>Sportlov<\/strong><\/p>\n\n\n\n<p>m\u00e5ndag 8 mars \u2013 fredag 12 mars<\/p>\n\n\n\n<p><strong>P\u00e5sklov<\/strong><\/p>\n\n\n\n<p>tisdag 30 mars \u2013 fredag 2 april<\/p>\n\n\n\n<p><strong>Lovdagar<\/strong><\/p>\n\n\n\n<p>fredag den 7 maj<\/p>\n","protected":false},"excerpt":{"rendered":"<p>Hej fyror 2026 Datum: Torsdag 7 maj 2026 Tid: 12:30 &#8211; 14:30 Samling p\u00e5 skolg\u00e5rden vid Lill Mimer d\u00e4r det sker upprop. Samtliga blivande elever skall f\u00e5 eller har f\u00e5tt ett brev till bostadsadressen L\u00e4nk d\u00e4r den nya fyran skall presentera sig sj\u00e4lv https:\/\/forms.gle\/pd8gWBMCVrUUMQkN6 L\u00e4nk till ans\u00f6kan fritidshem f\u00f6r nya fyror https:\/\/forms.gle\/6cQHEEv8HXfdYxuC9 \u00d6nskem\u00e5l om klass [&hellip;]<\/p>\n","protected":false},"author":1,"featured_media":0,"parent":0,"menu_order":0,"comment_status":"closed","ping_status":"closed","template":"","meta":{"footnotes":""},"class_list":["post-14","page","type-page","status-publish","hentry"],"_links":{"self":[{"href":"https:\/\/www.mimerskolan.se\/index.php?rest_route=\/wp\/v2\/pages\/14","targetHints":{"allow":["GET"]}}],"collection":[{"href":"https:\/\/www.mimerskolan.se\/index.php?rest_route=\/wp\/v2\/pages"}],"about":[{"href":"https:\/\/www.mimerskolan.se\/index.php?rest_route=\/wp\/v2\/types\/page"}],"author":[{"embeddable":true,"href":"https:\/\/www.mimerskolan.se\/index.php?rest_route=\/wp\/v2\/users\/1"}],"replies":[{"embeddable":true,"href":"https:\/\/www.mimerskolan.se\/index.php?rest_route=%2Fwp%2Fv2%2Fcomments&post=14"}],"version-history":[{"count":15,"href":"https:\/\/www.mimerskolan.se\/index.php?rest_route=\/wp\/v2\/pages\/14\/revisions"}],"predecessor-version":[{"id":377,"href":"https:\/\/www.mimerskolan.se\/index.php?rest_route=\/wp\/v2\/pages\/14\/revisions\/377"}],"wp:attachment":[{"href":"https:\/\/www.mimerskolan.se\/index.php?rest_route=%2Fwp%2Fv2%2Fmedia&parent=14"}],"curies":[{"name":"wp","href":"https:\/\/api.w.org\/{rel}","templated":true}]}}